{"id":1700,"date":"2020-12-07T19:09:19","date_gmt":"2020-12-07T16:09:19","guid":{"rendered":"https:\/\/iucerrahpasavakfi.org.tr\/?page_id=1700"},"modified":"2025-07-10T17:13:17","modified_gmt":"2025-07-10T14:13:17","slug":"prof-dr-nuri-aydin","status":"publish","type":"page","link":"https:\/\/iucerrahpasavakfi.org.tr\/?page_id=1700","title":{"rendered":"Prof. Dr. Nuri Ayd\u0131n"},"content":{"rendered":"<div class=\"vc_row wpb_row vc_row-fluid themesflat_1777662168\"><div class=\"row_overlay\" style=\"\"><\/div><div class=\"wpb_column vc_column_container vc_col-sm-3\"><div class=\"vc_column-inner\"><div class=\"wpb_wrapper\">\n\t<div  class=\"wpb_single_image wpb_content_element vc_align_center\">\n\t\t\n\t\t<figure class=\"wpb_wrapper vc_figure\">\n\t\t\t<div class=\"vc_single_image-wrapper vc_box_border  vc_box_border_grey\"><img width=\"736\" height=\"1104\" src=\"https:\/\/iucerrahpasavakfi.org.tr\/wp-content\/uploads\/2020\/12\/nuriaydin-1.jpg\" class=\"vc_single_image-img attachment-full\" alt=\"\" loading=\"lazy\" srcset=\"https:\/\/iucerrahpasavakfi.org.tr\/wp-content\/uploads\/2020\/12\/nuriaydin-1.jpg 736w, https:\/\/iucerrahpasavakfi.org.tr\/wp-content\/uploads\/2020\/12\/nuriaydin-1-200x300.jpg 200w, https:\/\/iucerrahpasavakfi.org.tr\/wp-content\/uploads\/2020\/12\/nuriaydin-1-683x1024.jpg 683w, https:\/\/iucerrahpasavakfi.org.tr\/wp-content\/uploads\/2020\/12\/nuriaydin-1-600x900.jpg 600w\" sizes=\"(max-width: 736px) 100vw, 736px\" \/><\/div>\n\t\t<\/figure>\n\t<\/div>\n<div class=\"vc_empty_space\"   style=\"height: 10px\"><span class=\"vc_empty_space_inner\"><\/span><\/div><\/div><\/div><\/div><div class=\"wpb_column vc_column_container vc_col-sm-9\"><div class=\"vc_column-inner\"><div class=\"wpb_wrapper\">\n\t<div class=\"wpb_text_column wpb_content_element \" >\n\t\t<div class=\"wpb_wrapper\">\n\t\t\t<p style=\"text-align: justify;\">Prof. Dr. Nuri Ayd\u0131n, \u0130stanbul \u00dcniversitesi Cerrahpa\u015fa T\u0131p Fak\u00fcltesi mezunudur. T\u0131p e\u011fitimi s\u00fcrecinde ABD\u2019de Yale ve Pittsburgh \u00dcniversitelerinde e\u011fitim programlar\u0131na kat\u0131lm\u0131\u015f, \u0130ngiltere\u2019de dil e\u011fitimi alm\u0131\u015f ve Harvard \u00dcniversitesi\u2019nde int\u00f6rnl\u00fck d\u00f6neminin bir b\u00f6l\u00fcm\u00fcn\u00fc tamamlam\u0131\u015ft\u0131r. Ortopedi ve Travmatoloji ihtisas\u0131n\u0131 Marmara \u00dcniversitesi T\u0131p Fak\u00fcltesi&#8217;nde tamamlam\u0131\u015f; 2012 y\u0131l\u0131nda Do\u00e7ent, 2017 y\u0131l\u0131nda Profes\u00f6r unvanlar\u0131n\u0131 alm\u0131\u015ft\u0131r.<\/p>\n<p style=\"text-align: justify;\">Uluslararas\u0131 alanda da tan\u0131nan Prof. Dr. Ayd\u0131n, 2013\u2019te SECEC (Avrupa Omuz ve Dirsek Cerrahisi Derne\u011fi) taraf\u0131ndan verilen &#8220;Intra-European Travelling Fellowship&#8221;, 2016\u2019da AAOS\u2019un (Amerikan Ortopedik Cerrahlar Akademisi) \u201cInternational Surgical Skills Scholarship\u201d, 2020\u2019de ise \u201cEmerging Leaders Scholarship Award\u201d burslar\u0131na lay\u0131k g\u00f6r\u00fclm\u00fc\u015ft\u00fcr.<\/p>\n<p style=\"text-align: justify;\">Mesleki ve bilimsel kariyeri boyunca, T\u00fcrk Omuz ve Dirsek Cerrahisi Derne\u011fi, Ayak ve Ayak Bilek Cerrahisi Derne\u011fi, SECEC ve SICOT (Uluslararas\u0131 Ortopedi ve Travmatoloji Derne\u011fi) gibi bir\u00e7ok sayg\u0131n kurumda y\u00f6netim ve komite g\u00f6revlerinde bulunmu\u015ftur. 2025 y\u0131l\u0131nda T\u00fcrk Omuz ve Dirsek Cerrahisi Derne\u011fi Ba\u015fkanl\u0131\u011f\u0131&#8217;na se\u00e7ilmi\u015ftir.<\/p>\n<p style=\"text-align: justify;\">Akademik y\u00f6n\u00fcn\u00fcn yan\u0131 s\u0131ra idari g\u00f6revlerde de aktif rol \u00fcstlenen Prof. Dr. Nuri Ayd\u0131n; Cerrahpa\u015fa T\u0131p Fak\u00fcltesi Hastanesi\u2019nde Ba\u015fhekim Yard\u0131mc\u0131l\u0131\u011f\u0131, Kan Transf\u00fczyon Komitesi \u00fcyeli\u011fi, \u0130stanbul \u00dcniversitesi Rekt\u00f6rl\u00fc\u011f\u00fc \u00d6zel \u00d6\u011frenci Komisyonu \u00fcyeli\u011fi gibi g\u00f6revlerde bulunmu\u015f; \u0130stanbul \u00dcniversitesi-Cerrahpa\u015fa Rekt\u00f6r Yard\u0131mc\u0131l\u0131\u011f\u0131 g\u00f6revini y\u00fcr\u00fctm\u00fc\u015ft\u00fcr.<\/p>\n<p style=\"text-align: justify;\">2020 y\u0131l\u0131nda \u0130stanbul \u00dcniversitesi-Cerrahpa\u015fa Geli\u015ftirme Vakf\u0131\u2019n\u0131n kurulu\u015funa \u00f6nc\u00fcl\u00fck etmi\u015f ve halen Vak\u0131f Ba\u015fkanl\u0131\u011f\u0131 g\u00f6revini s\u00fcrd\u00fcrmektedir. Ayn\u0131 y\u0131l \u201cCerrahpa\u015fa International\u201d markas\u0131n\u0131n kurulu\u015funu ger\u00e7ekle\u015ftirmi\u015ftir. Ocak 2023&#8217;te \u00dcniversite Hastaneleri Birli\u011fi (\u00dcHB) Ba\u015fkanl\u0131\u011f\u0131\u2019na se\u00e7ilmi\u015f ve bu g\u00f6revini iki d\u00f6nemdir s\u00fcrd\u00fcrmektedir. Ayr\u0131ca \u0130stanbul Teknokent A.\u015e. (EnterTech) ve Cerrahpa\u015fa TTO A.\u015e.\u2019de Y\u00f6netim Kurulu Ba\u015fkanl\u0131\u011f\u0131 g\u00f6revlerini \u00fcstlenmektedir.<\/p>\n<p style=\"text-align: justify;\">2018\u2019den bu yana \u00dcniversiteleraras\u0131 Kurul \u00dcyeli\u011fi g\u00f6revini de y\u00fcr\u00fcten Prof. Dr. Ayd\u0131n\u2019\u0131n \u00e7ok say\u0131da ulusal ve uluslararas\u0131 yay\u0131n\u0131 ve bilimsel proje \u00e7al\u0131\u015fmalar\u0131 bulunmaktad\u0131r.<\/p>\n<p style=\"text-align: justify;\">Cumhurba\u015fkan\u0131 karar\u0131yla Temmuz 2018\u2019de \u0130stanbul \u00dcniversitesi-Cerrahpa\u015fa\u2019n\u0131n Kurucu Rekt\u00f6r\u00fc olarak atanm\u0131\u015f, A\u011fustos 2022\u2019de ikinci d\u00f6nem i\u00e7in yeniden g\u00f6revlendirilmi\u015ftir.<\/p>\n<p style=\"text-align: justify;\">Evli ve \u00fc\u00e7 \u00e7ocuk babas\u0131d\u0131r.<\/p>\n\n\t\t<\/div>\n\t<\/div>\n<\/div><\/div><\/div><\/div><div class=\"vc_row wpb_row vc_row-fluid themesflat_1777662168\"><div class=\"row_overlay\" style=\"\"><\/div><div class=\"wpb_column vc_column_container vc_col-sm-12\"><div class=\"vc_column-inner\"><div class=\"wpb_wrapper\"><div class=\"vc_empty_space\"   style=\"height: 32px\"><span class=\"vc_empty_space_inner\"><\/span><\/div><\/div><\/div><\/div><\/div>\n","protected":false},"excerpt":{"rendered":"Prof. Dr. Nuri Ayd\u0131n, \u0130stanbul \u00dcniversitesi Cerrahpa\u015fa T\u0131p Fak\u00fcltesi mezunudur. T\u0131p e\u011fitimi s\u00fcrecinde ABD\u2019de Yale ve [...]","protected":false},"author":1,"featured_media":0,"parent":0,"menu_order":0,"comment_status":"closed","ping_status":"closed","template":"tpl\/page_fullwidth.php","meta":[],"_links":{"self":[{"href":"https:\/\/iucerrahpasavakfi.org.tr\/index.php?rest_route=\/wp\/v2\/pages\/1700"}],"collection":[{"href":"https:\/\/iucerrahpasavakfi.org.tr\/index.php?rest_route=\/wp\/v2\/pages"}],"about":[{"href":"https:\/\/iucerrahpasavakfi.org.tr\/index.php?rest_route=\/wp\/v2\/types\/page"}],"author":[{"embeddable":true,"href":"https:\/\/iucerrahpasavakfi.org.tr\/index.php?rest_route=\/wp\/v2\/users\/1"}],"replies":[{"embeddable":true,"href":"https:\/\/iucerrahpasavakfi.org.tr\/index.php?rest_route=%2Fwp%2Fv2%2Fcomments&post=1700"}],"version-history":[{"count":17,"href":"https:\/\/iucerrahpasavakfi.org.tr\/index.php?rest_route=\/wp\/v2\/pages\/1700\/revisions"}],"predecessor-version":[{"id":3615,"href":"https:\/\/iucerrahpasavakfi.org.tr\/index.php?rest_route=\/wp\/v2\/pages\/1700\/revisions\/3615"}],"wp:attachment":[{"href":"https:\/\/iucerrahpasavakfi.org.tr\/index.php?rest_route=%2Fwp%2Fv2%2Fmedia&parent=1700"}],"curies":[{"name":"wp","href":"https:\/\/api.w.org\/{rel}","templated":true}]}}