{"id":1763,"date":"2020-12-07T21:49:40","date_gmt":"2020-12-07T18:49:40","guid":{"rendered":"https:\/\/iucerrahpasavakfi.org.tr\/?page_id=1763"},"modified":"2024-11-25T09:40:59","modified_gmt":"2024-11-25T06:40:59","slug":"prof-dr-yusuf-gunes","status":"publish","type":"page","link":"https:\/\/iucerrahpasavakfi.org.tr\/?page_id=1763","title":{"rendered":"Prof. Dr. Yusuf G\u00fcne\u015f"},"content":{"rendered":"<div class=\"vc_row wpb_row vc_row-fluid themesflat_1777532546\"><div class=\"row_overlay\" style=\"\"><\/div><div class=\"wpb_column vc_column_container vc_col-sm-3\"><div class=\"vc_column-inner\"><div class=\"wpb_wrapper\">\n\t<div  class=\"wpb_single_image wpb_content_element vc_align_center\">\n\t\t\n\t\t<figure class=\"wpb_wrapper vc_figure\">\n\t\t\t<div class=\"vc_single_image-wrapper vc_box_border  vc_box_border_grey\"><img width=\"736\" height=\"1104\" src=\"https:\/\/iucerrahpasavakfi.org.tr\/wp-content\/uploads\/2021\/02\/YusufGunesProfDr.jpg\" class=\"vc_single_image-img attachment-full\" alt=\"\" loading=\"lazy\" srcset=\"https:\/\/iucerrahpasavakfi.org.tr\/wp-content\/uploads\/2021\/02\/YusufGunesProfDr.jpg 736w, https:\/\/iucerrahpasavakfi.org.tr\/wp-content\/uploads\/2021\/02\/YusufGunesProfDr-200x300.jpg 200w, https:\/\/iucerrahpasavakfi.org.tr\/wp-content\/uploads\/2021\/02\/YusufGunesProfDr-683x1024.jpg 683w, https:\/\/iucerrahpasavakfi.org.tr\/wp-content\/uploads\/2021\/02\/YusufGunesProfDr-600x900.jpg 600w\" sizes=\"(max-width: 736px) 100vw, 736px\" \/><\/div>\n\t\t<\/figure>\n\t<\/div>\n<div class=\"vc_empty_space\"   style=\"height: 10px\"><span class=\"vc_empty_space_inner\"><\/span><\/div><\/div><\/div><\/div><div class=\"wpb_column vc_column_container vc_col-sm-9\"><div class=\"vc_column-inner\"><div class=\"wpb_wrapper\">\n\t<div class=\"wpb_text_column wpb_content_element \" >\n\t\t<div class=\"wpb_wrapper\">\n\t\t\t<div style=\"text-align: justify;\">\n<div class=\"page_content_wrap\">\n<div class=\"content_wrap\">\n<div class=\"content\">\n<article id=\"post-206\" class=\"team_member_page itemscope post-206 cpt_team type-cpt_team status-publish has-post-thumbnail hentry cpt_team_group-mutevelli-heyet-uyeleri\">\n<div class=\"team_member_content entry-content\">\n<div class=\"page_content_wrap\">\n<div class=\"content_wrap\">\n<div class=\"content\">\n<article id=\"post-206\" class=\"team_member_page itemscope post-206 cpt_team type-cpt_team status-publish has-post-thumbnail hentry cpt_team_group-mutevelli-heyet-uyeleri\">\n<div class=\"team_member_content entry-content\">\n<p>Prof. Dr. Yusuf G\u00fcne\u015f, 1987 y\u0131l\u0131nda \u0130stanbul \u00dcniversitesi Orman Fak\u00fcltesi\u2019nden mezun olarak ilk lisans derecesini; 1993 y\u0131l\u0131nda da \u0130stanbul \u00dcniversitesi Hukuk Fak\u00fcltesi mezuniyetiyle ikinci lisans derecesini alm\u0131\u015ft\u0131r. 1988 y\u0131l\u0131nda \u0130stanbul \u00dcniversitesi Orman Fak\u00fcltesi \u00c7evre ve Orman Hukuku Ana Bilim Dal\u0131\u2019nda ara\u015ft\u0131rma g\u00f6revlisi olarak akademik hayata ba\u015flad\u0131. 1989 y\u0131l\u0131nda y\u00fcksek lisans\u0131n\u0131 tamamlam\u0131\u015ft\u0131r. 1997-1999 y\u0131llar\u0131 aras\u0131nda Amerika Birle\u015fik Devletleri\u2019nin Indiana Eyaleti\u2019nde bulunan Purdue University\u2019de lisans\u00fcst\u00fc \u00e7al\u0131\u015fmalarda bulunan Prof. Dr. Yusuf G\u00fcne\u015f, 2001 y\u0131l\u0131nda Orman Su\u00e7lar\u0131 konusunda ilk doktoras\u0131n\u0131; 2016 y\u0131l\u0131nda ise \u00f6zel hukuk alan\u0131nda ikinci doktoras\u0131n\u0131 tamamlam\u0131\u015ft\u0131r.<\/p>\n<p>2013-2017 y\u0131llar\u0131 aras\u0131nda \u0130stanbul \u00dcniversitesi Orman Fak\u00fcltesi\u2019nde Dekan Yard\u0131mc\u0131l\u0131\u011f\u0131 yapm\u0131\u015ft\u0131r. Halen \u0130stanbul \u00dcniversitesi-Cerrahpa\u015fa Orman Fak\u00fcltesi \u00c7evre ve Orman Hukuku Anabilim Dal\u0131 Ba\u015fkanl\u0131\u011f\u0131 g\u00f6revini y\u00fcr\u00fctmekte olan Prof. Dr. Yusuf G\u00fcne\u015f, 2019-2023 y\u0131llar\u0131 aras\u0131nda Rekt\u00f6r Dan\u0131\u015fmanl\u0131\u011f\u0131 g\u00f6revinde bulunmu\u015ftur.<\/p>\n<p>Di\u011fer yandan, 2002 y\u0131l\u0131nda avukatl\u0131k staj\u0131n\u0131 tamamlayan Yusuf G\u00dcNE\u015e, \u0130stanbul Barosuna kay\u0131tl\u0131 bulunmaktad\u0131r. 2020 y\u0131l\u0131 Ekim ay\u0131 itibariyle \u0130\u00dcC Hukuk M\u00fc\u015favirli\u011fi g\u00f6revini vek\u00e2leten y\u00fcr\u00fctmektedir.<\/p>\n<p>Ayr\u0131ca, \u0130\u00dcC Geli\u015ftirme Vakf\u0131 kurucu \u00fcyesi olan Prof. Dr. Yusuf G\u00dcNE\u015e, halen bu vak\u0131fta \u00e7al\u0131\u015fmalar\u0131na devam etmektedir. Yusuf G\u00dcNE\u015e, \u00e7ok iyi derecede \u0130ngilizce bilmektedir.<\/p>\n<\/div>\n<\/article>\n<\/div>\n<\/div>\n<\/div>\n<\/div>\n<\/article>\n<\/div>\n<\/div>\n<\/div>\n<\/div>\n\n\t\t<\/div>\n\t<\/div>\n<\/div><\/div><\/div><\/div><div class=\"vc_row wpb_row vc_row-fluid themesflat_1777532546\"><div class=\"row_overlay\" style=\"\"><\/div><div class=\"wpb_column vc_column_container vc_col-sm-12\"><div class=\"vc_column-inner\"><div class=\"wpb_wrapper\"><div class=\"vc_empty_space\"   style=\"height: 32px\"><span class=\"vc_empty_space_inner\"><\/span><\/div><\/div><\/div><\/div><\/div>\n","protected":false},"excerpt":{"rendered":"Prof. Dr. Yusuf G\u00fcne\u015f, 1987 y\u0131l\u0131nda \u0130stanbul \u00dcniversitesi Orman Fak\u00fcltesi\u2019nden mezun olarak ilk lisans derecesini; 1993 [...]","protected":false},"author":1,"featured_media":0,"parent":0,"menu_order":0,"comment_status":"closed","ping_status":"closed","template":"tpl\/page_fullwidth.php","meta":[],"_links":{"self":[{"href":"https:\/\/iucerrahpasavakfi.org.tr\/index.php?rest_route=\/wp\/v2\/pages\/1763"}],"collection":[{"href":"https:\/\/iucerrahpasavakfi.org.tr\/index.php?rest_route=\/wp\/v2\/pages"}],"about":[{"href":"https:\/\/iucerrahpasavakfi.org.tr\/index.php?rest_route=\/wp\/v2\/types\/page"}],"author":[{"embeddable":true,"href":"https:\/\/iucerrahpasavakfi.org.tr\/index.php?rest_route=\/wp\/v2\/users\/1"}],"replies":[{"embeddable":true,"href":"https:\/\/iucerrahpasavakfi.org.tr\/index.php?rest_route=%2Fwp%2Fv2%2Fcomments&post=1763"}],"version-history":[{"count":6,"href":"https:\/\/iucerrahpasavakfi.org.tr\/index.php?rest_route=\/wp\/v2\/pages\/1763\/revisions"}],"predecessor-version":[{"id":3336,"href":"https:\/\/iucerrahpasavakfi.org.tr\/index.php?rest_route=\/wp\/v2\/pages\/1763\/revisions\/3336"}],"wp:attachment":[{"href":"https:\/\/iucerrahpasavakfi.org.tr\/index.php?rest_route=%2Fwp%2Fv2%2Fmedia&parent=1763"}],"curies":[{"name":"wp","href":"https:\/\/api.w.org\/{rel}","templated":true}]}}